{"id":4676,"date":"2020-05-02T22:32:52","date_gmt":"2020-05-02T21:32:52","guid":{"rendered":"https:\/\/culturavivaperu.com\/clase-de-cocina-peruana-urubamba\/"},"modified":"2022-08-30T03:18:32","modified_gmt":"2022-08-30T02:18:32","slug":"clase-de-cocina-peruana-urubamba","status":"publish","type":"page","link":"https:\/\/culturavivaperu.com\/es\/clase-de-cocina-peruana-urubamba\/","title":{"rendered":"Clase de Cocina Peruana Urubamba"},"content":{"rendered":"<p>[et_pb_section fb_built=\u00bb1&#8243; fullwidth=\u00bbon\u00bb _builder_version=\u00bb4.0.7&#8243; saved_tabs=\u00bball\u00bb][et_pb_fullwidth_slider use_bg_overlay=\u00bboff\u00bb _builder_version=\u00bb4.0.7&#8243; header_level=\u00bbh1&#8243; body_font=\u00bb|||on|||||\u00bb background_enable_color=\u00bboff\u00bb background_image=\u00bbhttps:\/\/culturavivaperu.com\/wp-content\/uploads\/2020\/04\/Peruvian-Cuisine-Cooking-Class-Urubamba-Sacred-Valley.jpg\u00bb content_width_last_edited=\u00bboff|phone\u00bb custom_margin=\u00bb||||false|false\u00bb custom_padding=\u00bb420px||30px||false|false\u00bb custom_padding_tablet=\u00bb440px||40px||false|false\u00bb custom_padding_phone=\u00bb350px||50px||false|false\u00bb custom_padding_last_edited=\u00bbon|phone\u00bb][et_pb_slide heading=\u00bbClase de Cocina Peruana\u00bb _builder_version=\u00bb4.0.7&#8243; header_level=\u00bbh1&#8243; header_font=\u00bbLato|900|||||||\u00bb header_text_align=\u00bbleft\u00bb header_text_color=\u00bb#ef5f3d\u00bb header_font_size=\u00bb40px\u00bb body_font=\u00bbDidact Gothic|700|||||||\u00bb body_text_align=\u00bbleft\u00bb body_font_size=\u00bb30px\u00bb body_letter_spacing=\u00bb3px\u00bb body_line_height=\u00bb1.3em\u00bb background_enable_color=\u00bboff\u00bb custom_button=\u00bbon\u00bb button_text_size=\u00bb18px\u00bb button_bg_use_color_gradient=\u00bbon\u00bb button_bg_color_gradient_start=\u00bb#348e3f\u00bb button_bg_color_gradient_end=\u00bb#3da546&#8243; button_border_color=\u00bb#348e3f\u00bb button_border_radius=\u00bb40px\u00bb button_letter_spacing=\u00bb2px\u00bb button_font=\u00bbLato|700|||||||\u00bb button_use_icon=\u00bbon\u00bb button_icon=\u00bb%%20%%\u00bb button_alignment=\u00bbleft\u00bb custom_padding=\u00bb|0px||0px|false|true\u00bb header_font_size_tablet=\u00bb30px\u00bb header_font_size_phone=\u00bb24px\u00bb header_font_size_last_edited=\u00bbon|phone\u00bb body_font_size_tablet=\u00bb26px\u00bb body_font_size_phone=\u00bb15px\u00bb body_font_size_last_edited=\u00bbon|phone\u00bb body_line_height_tablet=\u00bb\u00bb body_line_height_phone=\u00bb\u00bb body_line_height_last_edited=\u00bbon|desktop\u00bb button_text_size_tablet=\u00bb18px\u00bb button_text_size_phone=\u00bb14px\u00bb button_text_size_last_edited=\u00bbon|desktop\u00bb]<\/p>\n<p><span>Diego y Anil\u00fa han pasado a\u00f1os en la industria de la restauraci\u00f3n en Per\u00fa!<\/span><\/p>\n<p>[\/et_pb_slide][\/et_pb_fullwidth_slider][\/et_pb_section][et_pb_section fb_built=\u00bb1&#8243; _builder_version=\u00bb4.0.7&#8243; custom_padding=\u00bb||0px|||\u00bb][et_pb_row column_structure=\u00bb1_2,1_2&#8243; _builder_version=\u00bb4.0.7&#8243;][et_pb_column type=\u00bb1_2&#8243; _builder_version=\u00bb4.0.7&#8243;][et_pb_text _builder_version=\u00bb4.0.7&#8243; custom_padding_tablet=\u00bb\u00bb custom_padding_phone=\u00bb||0px||false|false\u00bb custom_padding_last_edited=\u00bbon|phone\u00bb]<\/p>\n<p style=\"text-align: justify;\"><span style=\"font-weight: 400;\">Diego estudi\u00f3 cocina en una prestigiosa escuela de Lima y Anil\u00fa es ingeniero de alimentos. Se conocieron trabajando en un restaurante de alta gama en Lima (mientras Anil\u00fa era la gerente que entrevist\u00f3 y contrat\u00f3 a Diego como cocinera).<\/span><\/p>\n<p style=\"text-align: justify;\"><span style=\"font-weight: 400;\">Durante unos a\u00f1os, vivieron juntos el estilo de vida costero, surfeando y disfrutando de la playa. Luego tomaron la audaz decisi\u00f3n de trasladar su vida a las monta\u00f1as de Cusco. Esto resulta ser una bendici\u00f3n para los turistas que desean hacer una clase de cocina y aprender un poco de la famosa gastronom\u00eda peruana \/ criollo!<\/span><\/p>\n<p class=\"p1\" style=\"text-align: justify;\">Reserve <a href=\"http:\/\/culturavivaperu.com\/book-tour-here\/\">aqu\u00ed<\/a> o lea m\u00e1s sobre la experiencia de aprendizaje a continuaci\u00f3n.<\/p>\n<p>[\/et_pb_text][\/et_pb_column][et_pb_column type=\u00bb1_2&#8243; _builder_version=\u00bb4.0.7&#8243;][et_pb_image src=\u00bbhttp:\/\/culturavivaperu.com\/wp-content\/uploads\/2020\/03\/Pakakuna-Peruvian-Cooking-Classes-1.jpg\u00bb _builder_version=\u00bb4.0.7&#8243;][\/et_pb_image][\/et_pb_column][\/et_pb_row][\/et_pb_section][et_pb_section fb_built=\u00bb1&#8243; _builder_version=\u00bb4.0.7&#8243; custom_padding=\u00bb0px||0px|||\u00bb][et_pb_row custom_padding_last_edited=\u00bbon|phone\u00bb _builder_version=\u00bb4.0.7&#8243; custom_padding_tablet=\u00bb\u00bb custom_padding_phone=\u00bb0px||||false|false\u00bb][et_pb_column type=\u00bb4_4&#8243; _builder_version=\u00bb4.0.7&#8243;][et_pb_text _builder_version=\u00bb4.4.4&#8243; header_2_font=\u00bbLato||||||||\u00bb custom_padding_tablet=\u00bb\u00bb custom_padding_phone=\u00bb0px||||false|false\u00bb custom_padding_last_edited=\u00bbon|phone\u00bb header_2_font_size_tablet=\u00bb\u00bb header_2_font_size_phone=\u00bb18px\u00bb header_2_font_size_last_edited=\u00bbon|phone\u00bb]<\/p>\n<h2 style=\"text-align: justify;\">\u00a1Reserva una clase de cocina con Diego &amp; Anilu!<\/h2>\n<p style=\"text-align: justify;\"><span style=\"font-weight: 400;\">Un taller de cocina en el restaurante de Diego y Anil\u00fa en Urubamba es una maravillosa parada a medida que pasa por el Valle Sagrado en sus viajes Cusco. El taller comienza con una visita al mercado de alimentos de Urubamba. Esto en s\u00ed mismo es una gran experiencia donde se llega a ver los productos locales en oferta, incluyendo muchas frutas y verduras ex\u00f3ticas.<\/span><\/p>\n<p style=\"text-align: justify;\"><span style=\"font-weight: 400;\">Una vez de vuelta en el restaurante Pakakuna, tenemos la clase de cocina en marcha. Hay un men\u00fa de platos cl\u00e1sicos peruanos para elegir, incluyendo Lomo Saltado, Ceviche de Trucha, Causa Lime\u00f1a, Broad Bean Stir-fry, Aji de Gallina y Aji de Gallina. Otros platos tambi\u00e9n son posibles si nos informa con anticipaci\u00f3n. Tambi\u00e9n aprender\u00e1s a hacer el famoso Pisco amargo. \u00a1Despu\u00e9s del taller, puedes comer y beber todo lo que hagas!<\/span><\/p>\n<p style=\"text-align: justify;\"><span style=\"font-weight: 400;\">El taller puede ser una demostraci\u00f3n o participativa dependiendo de su preferencia. El almuerzo incluye entre, plato principal y t\u00e9s de hierbas de nuestros jardines que se puede elegir a s\u00ed mismo! El almuerzo o la cena sirven almuerzos. El taller de almuerzo comienza a las 10 am y el taller de cena comienza a las 4 pm. Si no desea hacer el recorrido por el mercado de Urubamba, el taller comenzar\u00e1 1,5 horas m\u00e1s tarde. <\/span><\/p>\n<p>[\/et_pb_text][\/et_pb_column][\/et_pb_row][\/et_pb_section][et_pb_section fb_built=\u00bb1&#8243; disabled_on=\u00bbon|on|off\u00bb _builder_version=\u00bb4.4.4&#8243; custom_padding=\u00bb0px||0px||true|false\u00bb][et_pb_row use_custom_gutter=\u00bbon\u00bb gutter_width=\u00bb1&#8243; make_equal=\u00bbon\u00bb _builder_version=\u00bb4.4.4&#8243; width=\u00bb100%\u00bb max_width=\u00bb2488px\u00bb][et_pb_column type=\u00bb4_4&#8243; _builder_version=\u00bb4.4.4&#8243;][et_pb_gallery gallery_ids=\u00bb2700,2701,2703,4678,2706,2707,2708,2709&#8243; posts_number=\u00bb8&#8243; orientation=\u00bbportrait\u00bb show_title_and_caption=\u00bboff\u00bb show_pagination=\u00bboff\u00bb zoom_icon_color=\u00bbrgba(0,0,0,0)\u00bb hover_overlay_color=\u00bbrgba(255,255,255,0.4)\u00bb hover_icon=\u00bb%%51%%\u00bb module_id=\u00bb.pa-image-gallery-1-1&#8243; _builder_version=\u00bb4.4.4&#8243; custom_css_gallery_item=\u00bbpadding: 2px;\u00bb][\/et_pb_gallery][\/et_pb_column][\/et_pb_row][\/et_pb_section][et_pb_section fb_built=\u00bb1&#8243; _builder_version=\u00bb4.0.7&#8243; custom_padding=\u00bb0px||0px||true|\u00bb][et_pb_row _builder_version=\u00bb4.0.7&#8243; custom_padding=\u00bb0px||||false|false\u00bb][et_pb_column type=\u00bb4_4&#8243; _builder_version=\u00bb4.0.7&#8243;][et_pb_gallery gallery_ids=\u00bb2707,2700,2701,2702,2703,2704,4678,2706,2708,2709&#8243; fullwidth=\u00bbon\u00bb disabled_on=\u00bboff|on|on\u00bb _builder_version=\u00bb4.4.4&#8243;][\/et_pb_gallery][\/et_pb_column][\/et_pb_row][\/et_pb_section][et_pb_section fb_built=\u00bb1&#8243; _builder_version=\u00bb4.0.7&#8243; custom_padding=\u00bb0px|||||\u00bb][et_pb_row column_structure=\u00bb2_5,3_5&#8243; use_custom_gutter=\u00bbon\u00bb gutter_width=\u00bb1&#8243; _builder_version=\u00bb4.0.7&#8243; width=\u00bb100%\u00bb max_width=\u00bb80%\u00bb][et_pb_column type=\u00bb2_5&#8243; _builder_version=\u00bb4.0.7&#8243;][et_pb_text _builder_version=\u00bb4.0.7&#8243; header_3_font=\u00bbDidact Gothic|700|||||||\u00bb header_3_text_align=\u00bbcenter\u00bb header_3_text_color=\u00bb#ef5f3d\u00bb header_3_font_size=\u00bb26px\u00bb custom_padding=\u00bb||||true|true\u00bb header_3_font_size_tablet=\u00bb\u00bb header_3_font_size_phone=\u00bb\u00bb header_3_font_size_last_edited=\u00bbon|phone\u00bb]<\/p>\n<h3>Precios <\/h3>\n<p>[\/et_pb_text][et_pb_accordion icon_color=\u00bb#ef5f3d\u00bb _builder_version=\u00bb4.0.7&#8243; toggle_font=\u00bbLato|700|||||||\u00bb max_width=\u00bb50%\u00bb max_width_tablet=\u00bb60%\u00bb max_width_phone=\u00bb75%\u00bb max_width_last_edited=\u00bbon|desktop\u00bb module_alignment=\u00bbcenter\u00bb][et_pb_accordion_item title=\u00bb1 &#8211; 3 Personas\u00bb _builder_version=\u00bb4.0.7&#8243; open=\u00bbon\u00bb]<\/p>\n<p>250 soles por persona.<\/p>\n<p>[\/et_pb_accordion_item][et_pb_accordion_item title=\u00bb4 &#8211; 6 Personas\u00bb _builder_version=\u00bb4.0.7&#8243; open=\u00bboff\u00bb]<\/p>\n<p>245 soles por persona.<\/p>\n<p>[\/et_pb_accordion_item][et_pb_accordion_item title=\u00bb7 &#8211; 9 Personas\u00bb _builder_version=\u00bb4.0.7&#8243; open=\u00bboff\u00bb]<\/p>\n<p>240 soles por persona.<\/p>\n<p>[\/et_pb_accordion_item][et_pb_accordion_item title=\u00bbM\u00e1s de 10 personas\u00bb open=\u00bboff\u00bb _builder_version=\u00bb4.0.7&#8243;]<\/p>\n<p>240 soles por persona.<\/p>\n<p>[\/et_pb_accordion_item][\/et_pb_accordion][\/et_pb_column][et_pb_column type=\u00bb3_5&#8243; _builder_version=\u00bb4.0.7&#8243;][et_pb_text _builder_version=\u00bb4.0.7&#8243; text_font=\u00bb||||||||\u00bb custom_padding_tablet=\u00bb30px||||false|false\u00bb custom_padding_phone=\u00bb30px||||false|false\u00bb custom_padding_last_edited=\u00bbon|tablet\u00bb]<\/p>\n<p style=\"text-align: justify;\"><span style=\"color: #ff6600;\"><b>Incluido:<\/b><\/span><\/p>\n<ul class=\"ul1\" style=\"text-align: justify;\">\n<li class=\"li2\">Recorrido por el mercado y degustaci\u00f3n de productos locales. <\/li>\n<li class=\"li2\">Transporte desde Pakakuna al mercado y regreso. <\/li>\n<li class=\"li2\">Recorrido por jardines ecol\u00f3gicos. <\/li>\n<li class=\"li2\">Copia de la receta. <\/li>\n<li class=\"li2\">Demostraci\u00f3n de Pisco Sour. <\/li>\n<li class=\"li2\">Clase de cocina privada.<\/li>\n<li class=\"li2\">Entre, plato principal, t\u00e9 de hierbas.<\/li>\n<\/ul>\n<p class=\"p2\" style=\"text-align: justify;\"><span style=\"color: #ff6600;\"><b>Descuentos:<\/b><\/span><\/p>\n<ul class=\"ul1\" style=\"text-align: justify;\">\n<li class=\"li2\">Sin el mercado de Urubamba visita 20 soles menos. <\/li>\n<li class=\"li2\">sin la demostraci\u00f3n de Pisco Sour 10 soles menos. <\/li>\n<\/ul>\n<p class=\"p4\" style=\"text-align: justify;\"><span style=\"color: #ff6600;\"><b>\u00bfQUE ESENCIALES DEBO LLEVAR?<\/b><\/span><\/p>\n<p class=\"p2\" style=\"text-align: justify;\">\u00a1Trae tu apetito!<\/p>\n<p>[\/et_pb_text][\/et_pb_column][\/et_pb_row][\/et_pb_section][et_pb_section fb_built=\u00bb1&#8243; _builder_version=\u00bb4.0.7&#8243; custom_padding=\u00bb0px|||||\u00bb][et_pb_row _builder_version=\u00bb4.0.7&#8243;][et_pb_column type=\u00bb4_4&#8243; _builder_version=\u00bb4.0.7&#8243;][et_pb_button button_url=\u00bb@ET-DC@eyJkeW5hbWljIjp0cnVlLCJjb250ZW50IjoicG9zdF9saW5rX3VybF9wYWdlIiwic2V0dGluZ3MiOnsicG9zdF9pZCI6IjE2NzUifX0=@\u00bb button_text=\u00bbReserve ahora\u00bb button_alignment=\u00bbcenter\u00bb _builder_version=\u00bb4.4.4&#8243; _dynamic_attributes=\u00bbbutton_url\u00bb custom_button=\u00bbon\u00bb button_text_size=\u00bb35px\u00bb button_text_color=\u00bb#ffffff\u00bb button_bg_use_color_gradient=\u00bbon\u00bb button_bg_color_gradient_start=\u00bb#419e1f\u00bb button_bg_color_gradient_end=\u00bb#1b8921&#8243; button_border_width=\u00bb0px\u00bb button_border_radius=\u00bb60px\u00bb button_font=\u00bbLato|700|||||||\u00bb button_icon=\u00bb%%20%%\u00bb][\/et_pb_button][\/et_pb_column][\/et_pb_row][\/et_pb_section]<\/p>\n","protected":false},"excerpt":{"rendered":"<p>[et_pb_section fb_built=\u00bb1&#8243; fullwidth=\u00bbon\u00bb _builder_version=\u00bb4.0.7&#8243; saved_tabs=\u00bball\u00bb][et_pb_fullwidth_slider use_bg_overlay=\u00bboff\u00bb _builder_version=\u00bb4.0.7&#8243; header_level=\u00bbh1&#8243; body_font=\u00bb|||on|||||\u00bb background_enable_color=\u00bboff\u00bb background_image=\u00bbhttps:\/\/culturavivaperu.com\/wp-content\/uploads\/2020\/04\/Peruvian-Cuisine-Cooking-Class-Urubamba-Sacred-Valley.jpg\u00bb content_width_last_edited=\u00bboff|phone\u00bb custom_margin=\u00bb||||false|false\u00bb custom_padding=\u00bb420px||30px||false|false\u00bb custom_padding_tablet=\u00bb440px||40px||false|false\u00bb custom_padding_phone=\u00bb350px||50px||false|false\u00bb custom_padding_last_edited=\u00bbon|phone\u00bb][et_pb_slide heading=\u00bbClase de Cocina Peruana\u00bb _builder_version=\u00bb4.0.7&#8243; header_level=\u00bbh1&#8243; header_font=\u00bbLato|900|||||||\u00bb header_text_align=\u00bbleft\u00bb header_text_color=\u00bb#ef5f3d\u00bb header_font_size=\u00bb40px\u00bb body_font=\u00bbDidact Gothic|700|||||||\u00bb body_text_align=\u00bbleft\u00bb body_font_size=\u00bb30px\u00bb body_letter_spacing=\u00bb3px\u00bb body_line_height=\u00bb1.3em\u00bb background_enable_color=\u00bboff\u00bb custom_button=\u00bbon\u00bb button_text_size=\u00bb18px\u00bb button_bg_use_color_gradient=\u00bbon\u00bb button_bg_color_gradient_start=\u00bb#348e3f\u00bb button_bg_color_gradient_end=\u00bb#3da546&#8243; button_border_color=\u00bb#348e3f\u00bb button_border_radius=\u00bb40px\u00bb button_letter_spacing=\u00bb2px\u00bb button_font=\u00bbLato|700|||||||\u00bb button_use_icon=\u00bbon\u00bb button_icon=\u00bb%%20%%\u00bb button_alignment=\u00bbleft\u00bb custom_padding=\u00bb|0px||0px|false|true\u00bb header_font_size_tablet=\u00bb30px\u00bb header_font_size_phone=\u00bb24px\u00bb header_font_size_last_edited=\u00bbon|phone\u00bb body_font_size_tablet=\u00bb26px\u00bb body_font_size_phone=\u00bb15px\u00bb body_font_size_last_edited=\u00bbon|phone\u00bb body_line_height_tablet=\u00bb\u00bb body_line_height_phone=\u00bb\u00bb [&hellip;]<\/p>\n","protected":false},"author":1,"featured_media":4678,"parent":0,"menu_order":0,"comment_status":"closed","ping_status":"closed","template":"","meta":{"_et_pb_use_builder":"on","_et_pb_old_content":"","_et_gb_content_width":"","_monsterinsights_skip_tracking":false,"_monsterinsights_sitenote_active":false,"_monsterinsights_sitenote_note":"","_monsterinsights_sitenote_category":0,"footnotes":""},"class_list":["post-4676","page","type-page","status-publish","has-post-thumbnail","hentry"],"yoast_head":"<!-- This site is optimized with the Yoast SEO plugin v26.9 - https:\/\/yoast.com\/product\/yoast-seo-wordpress\/ -->\n<title>Cultura Viva Per\u00fa Viajes Clase de Cocina Peruana Urubamba<\/title>\n<meta name=\"description\" content=\"Un taller de cocina en el restaurante de Diego y Anil\u00fa en Urubamba es una maravillosa parada a medida que pasa por el Valle Sagrado en sus viajes Cusco.\" \/>\n<meta name=\"robots\" content=\"index, follow, max-snippet:-1, max-image-preview:large, max-video-preview:-1\" \/>\n<link rel=\"canonical\" href=\"https:\/\/culturavivaperu.com\/es\/clase-de-cocina-peruana-urubamba\/\" \/>\n<meta property=\"og:locale\" content=\"es_ES\" \/>\n<meta property=\"og:type\" content=\"article\" \/>\n<meta property=\"og:title\" content=\"Cultura Viva Per\u00fa Viajes Clase de Cocina Peruana Urubamba\" \/>\n<meta property=\"og:description\" content=\"Un taller de cocina en el restaurante de Diego y Anil\u00fa en Urubamba es una maravillosa parada a medida que pasa por el Valle Sagrado en sus viajes Cusco.\" \/>\n<meta property=\"og:url\" content=\"https:\/\/culturavivaperu.com\/es\/clase-de-cocina-peruana-urubamba\/\" \/>\n<meta property=\"og:site_name\" content=\"Cultura Viva Peru Travel\" \/>\n<meta property=\"article:modified_time\" content=\"2022-08-30T02:18:32+00:00\" \/>\n<meta property=\"og:image\" content=\"https:\/\/culturavivaperu.com\/wp-content\/uploads\/2020\/03\/Sacred-Valley-Urubamba-Cusco-Peru.jpg\" \/>\n<meta name=\"twitter:card\" content=\"summary_large_image\" \/>\n<meta name=\"twitter:image\" content=\"https:\/\/culturavivaperu.com\/wp-content\/uploads\/2020\/03\/Sacred-Valley-Urubamba-Cusco-Peru.jpg\" \/>\n<meta name=\"twitter:label1\" content=\"Tiempo de lectura\" \/>\n\t<meta name=\"twitter:data1\" content=\"7 minutos\" \/>\n<script type=\"application\/ld+json\" class=\"yoast-schema-graph\">{\"@context\":\"https:\/\/schema.org\",\"@graph\":[{\"@type\":\"WebPage\",\"@id\":\"https:\/\/culturavivaperu.com\/es\/clase-de-cocina-peruana-urubamba\/\",\"url\":\"https:\/\/culturavivaperu.com\/es\/clase-de-cocina-peruana-urubamba\/\",\"name\":\"Cultura Viva Per\u00fa Viajes Clase de Cocina Peruana Urubamba\",\"isPartOf\":{\"@id\":\"https:\/\/culturavivaperu.com\/es\/#website\"},\"primaryImageOfPage\":{\"@id\":\"https:\/\/culturavivaperu.com\/es\/clase-de-cocina-peruana-urubamba\/#primaryimage\"},\"image\":{\"@id\":\"https:\/\/culturavivaperu.com\/es\/clase-de-cocina-peruana-urubamba\/#primaryimage\"},\"thumbnailUrl\":\"https:\/\/culturavivaperu.com\/wp-content\/uploads\/2020\/03\/Sacred-Valley-Urubamba-Cusco-Peru.jpg\",\"datePublished\":\"2020-05-02T21:32:52+00:00\",\"dateModified\":\"2022-08-30T02:18:32+00:00\",\"description\":\"Un taller de cocina en el restaurante de Diego y Anil\u00fa en Urubamba es una maravillosa parada a medida que pasa por el Valle Sagrado en sus viajes Cusco.\",\"breadcrumb\":{\"@id\":\"https:\/\/culturavivaperu.com\/es\/clase-de-cocina-peruana-urubamba\/#breadcrumb\"},\"inLanguage\":\"es\",\"potentialAction\":[{\"@type\":\"ReadAction\",\"target\":[\"https:\/\/culturavivaperu.com\/es\/clase-de-cocina-peruana-urubamba\/\"]}]},{\"@type\":\"ImageObject\",\"inLanguage\":\"es\",\"@id\":\"https:\/\/culturavivaperu.com\/es\/clase-de-cocina-peruana-urubamba\/#primaryimage\",\"url\":\"https:\/\/culturavivaperu.com\/wp-content\/uploads\/2020\/03\/Sacred-Valley-Urubamba-Cusco-Peru.jpg\",\"contentUrl\":\"https:\/\/culturavivaperu.com\/wp-content\/uploads\/2020\/03\/Sacred-Valley-Urubamba-Cusco-Peru.jpg\",\"width\":500,\"height\":500,\"caption\":\"Valle Sagrado-Urubamba-Cusco-Per\u00fa\"},{\"@type\":\"BreadcrumbList\",\"@id\":\"https:\/\/culturavivaperu.com\/es\/clase-de-cocina-peruana-urubamba\/#breadcrumb\",\"itemListElement\":[{\"@type\":\"ListItem\",\"position\":1,\"name\":\"Home\",\"item\":\"https:\/\/culturavivaperu.com\/es\/peru-travel-cultura-viva-peru-tours-educativos-con-alma-y-proposito\/\"},{\"@type\":\"ListItem\",\"position\":2,\"name\":\"Clase de Cocina Peruana Urubamba\"}]},{\"@type\":\"WebSite\",\"@id\":\"https:\/\/culturavivaperu.com\/es\/#website\",\"url\":\"https:\/\/culturavivaperu.com\/es\/\",\"name\":\"Cultura Viva Peru Travel\",\"description\":\"Sustainable Travel Experiences in Peru\",\"potentialAction\":[{\"@type\":\"SearchAction\",\"target\":{\"@type\":\"EntryPoint\",\"urlTemplate\":\"https:\/\/culturavivaperu.com\/es\/?s={search_term_string}\"},\"query-input\":{\"@type\":\"PropertyValueSpecification\",\"valueRequired\":true,\"valueName\":\"search_term_string\"}}],\"inLanguage\":\"es\"}]}<\/script>\n<!-- \/ Yoast SEO plugin. -->","yoast_head_json":{"title":"Cultura Viva Per\u00fa Viajes Clase de Cocina Peruana Urubamba","description":"Un taller de cocina en el restaurante de Diego y Anil\u00fa en Urubamba es una maravillosa parada a medida que pasa por el Valle Sagrado en sus viajes Cusco.","robots":{"index":"index","follow":"follow","max-snippet":"max-snippet:-1","max-image-preview":"max-image-preview:large","max-video-preview":"max-video-preview:-1"},"canonical":"https:\/\/culturavivaperu.com\/es\/clase-de-cocina-peruana-urubamba\/","og_locale":"es_ES","og_type":"article","og_title":"Cultura Viva Per\u00fa Viajes Clase de Cocina Peruana Urubamba","og_description":"Un taller de cocina en el restaurante de Diego y Anil\u00fa en Urubamba es una maravillosa parada a medida que pasa por el Valle Sagrado en sus viajes Cusco.","og_url":"https:\/\/culturavivaperu.com\/es\/clase-de-cocina-peruana-urubamba\/","og_site_name":"Cultura Viva Peru Travel","article_modified_time":"2022-08-30T02:18:32+00:00","og_image":[{"url":"https:\/\/culturavivaperu.com\/wp-content\/uploads\/2020\/03\/Sacred-Valley-Urubamba-Cusco-Peru.jpg","type":"","width":"","height":""}],"twitter_card":"summary_large_image","twitter_image":"https:\/\/culturavivaperu.com\/wp-content\/uploads\/2020\/03\/Sacred-Valley-Urubamba-Cusco-Peru.jpg","twitter_misc":{"Tiempo de lectura":"7 minutos"},"schema":{"@context":"https:\/\/schema.org","@graph":[{"@type":"WebPage","@id":"https:\/\/culturavivaperu.com\/es\/clase-de-cocina-peruana-urubamba\/","url":"https:\/\/culturavivaperu.com\/es\/clase-de-cocina-peruana-urubamba\/","name":"Cultura Viva Per\u00fa Viajes Clase de Cocina Peruana Urubamba","isPartOf":{"@id":"https:\/\/culturavivaperu.com\/es\/#website"},"primaryImageOfPage":{"@id":"https:\/\/culturavivaperu.com\/es\/clase-de-cocina-peruana-urubamba\/#primaryimage"},"image":{"@id":"https:\/\/culturavivaperu.com\/es\/clase-de-cocina-peruana-urubamba\/#primaryimage"},"thumbnailUrl":"https:\/\/culturavivaperu.com\/wp-content\/uploads\/2020\/03\/Sacred-Valley-Urubamba-Cusco-Peru.jpg","datePublished":"2020-05-02T21:32:52+00:00","dateModified":"2022-08-30T02:18:32+00:00","description":"Un taller de cocina en el restaurante de Diego y Anil\u00fa en Urubamba es una maravillosa parada a medida que pasa por el Valle Sagrado en sus viajes Cusco.","breadcrumb":{"@id":"https:\/\/culturavivaperu.com\/es\/clase-de-cocina-peruana-urubamba\/#breadcrumb"},"inLanguage":"es","potentialAction":[{"@type":"ReadAction","target":["https:\/\/culturavivaperu.com\/es\/clase-de-cocina-peruana-urubamba\/"]}]},{"@type":"ImageObject","inLanguage":"es","@id":"https:\/\/culturavivaperu.com\/es\/clase-de-cocina-peruana-urubamba\/#primaryimage","url":"https:\/\/culturavivaperu.com\/wp-content\/uploads\/2020\/03\/Sacred-Valley-Urubamba-Cusco-Peru.jpg","contentUrl":"https:\/\/culturavivaperu.com\/wp-content\/uploads\/2020\/03\/Sacred-Valley-Urubamba-Cusco-Peru.jpg","width":500,"height":500,"caption":"Valle Sagrado-Urubamba-Cusco-Per\u00fa"},{"@type":"BreadcrumbList","@id":"https:\/\/culturavivaperu.com\/es\/clase-de-cocina-peruana-urubamba\/#breadcrumb","itemListElement":[{"@type":"ListItem","position":1,"name":"Home","item":"https:\/\/culturavivaperu.com\/es\/peru-travel-cultura-viva-peru-tours-educativos-con-alma-y-proposito\/"},{"@type":"ListItem","position":2,"name":"Clase de Cocina Peruana Urubamba"}]},{"@type":"WebSite","@id":"https:\/\/culturavivaperu.com\/es\/#website","url":"https:\/\/culturavivaperu.com\/es\/","name":"Cultura Viva Peru Travel","description":"Sustainable Travel Experiences in Peru","potentialAction":[{"@type":"SearchAction","target":{"@type":"EntryPoint","urlTemplate":"https:\/\/culturavivaperu.com\/es\/?s={search_term_string}"},"query-input":{"@type":"PropertyValueSpecification","valueRequired":true,"valueName":"search_term_string"}}],"inLanguage":"es"}]}},"jetpack_sharing_enabled":true,"_links":{"self":[{"href":"https:\/\/culturavivaperu.com\/es\/wp-json\/wp\/v2\/pages\/4676","targetHints":{"allow":["GET"]}}],"collection":[{"href":"https:\/\/culturavivaperu.com\/es\/wp-json\/wp\/v2\/pages"}],"about":[{"href":"https:\/\/culturavivaperu.com\/es\/wp-json\/wp\/v2\/types\/page"}],"author":[{"embeddable":true,"href":"https:\/\/culturavivaperu.com\/es\/wp-json\/wp\/v2\/users\/1"}],"replies":[{"embeddable":true,"href":"https:\/\/culturavivaperu.com\/es\/wp-json\/wp\/v2\/comments?post=4676"}],"version-history":[{"count":7,"href":"https:\/\/culturavivaperu.com\/es\/wp-json\/wp\/v2\/pages\/4676\/revisions"}],"predecessor-version":[{"id":5004,"href":"https:\/\/culturavivaperu.com\/es\/wp-json\/wp\/v2\/pages\/4676\/revisions\/5004"}],"wp:featuredmedia":[{"embeddable":true,"href":"https:\/\/culturavivaperu.com\/es\/wp-json\/wp\/v2\/media\/4678"}],"wp:attachment":[{"href":"https:\/\/culturavivaperu.com\/es\/wp-json\/wp\/v2\/media?parent=4676"}],"curies":[{"name":"wp","href":"https:\/\/api.w.org\/{rel}","templated":true}]}}